{"id":221,"date":"2019-08-08T09:56:49","date_gmt":"2019-08-08T09:56:49","guid":{"rendered":"https:\/\/airtech2.bolvo.com\/demo2\/?page_id=221"},"modified":"2026-03-30T18:47:32","modified_gmt":"2026-03-30T18:47:32","slug":"about-us","status":"publish","type":"page","link":"https:\/\/hvac.instal-prodan.ro\/index.php\/about-us\/","title":{"rendered":"Despre noi"},"content":{"rendered":"\t\t<div data-elementor-type=\"wp-post\" data-elementor-id=\"221\" class=\"elementor elementor-221\" data-elementor-post-type=\"page\">\n\t\t\t\t\t\t<section class=\"elementor-section elementor-top-section elementor-element elementor-element-fcc087b elementor-section-full_width elementor-section-height-default elementor-section-height-default\" data-id=\"fcc087b\" data-element_type=\"section\" data-e-type=\"section\">\n\t\t\t\t\t\t<div class=\"elementor-container elementor-column-gap-no\">\n\t\t\t\t\t<div class=\"elementor-column elementor-col-100 elementor-top-column elementor-element elementor-element-437fc67\" data-id=\"437fc67\" data-element_type=\"column\" data-e-type=\"column\">\n\t\t\t<div class=\"elementor-widget-wrap elementor-element-populated\">\n\t\t\t\t\t\t<div class=\"elementor-element elementor-element-053cad7 elementor-widget elementor-widget-ucaddon_homeabout\" data-id=\"053cad7\" data-element_type=\"widget\" data-e-type=\"widget\" data-widget_type=\"ucaddon_homeabout.default\">\n\t\t\t\t<div class=\"elementor-widget-container\">\n\t\t\t\t\t\n<!-- start Home About -->\n\n<section class=\"about_text_area p_100\">\n    <div class=\"container\">\n        <div class=\"ab_text_inner\">\n            <div class=\"ab_text_item\">\n                <h3>Desper noi<\/h3>\n                <p>La Instal Prodan, transform\u0103m experien\u021ba \u0219i seriozitatea \u00een solu\u021bii HVAC eficiente \u0219i de \u00eencredere. Cu o echip\u0103 de speciali\u0219ti certifica\u021bi, oferim servicii complete de climatizare, ventila\u021bie \u0219i \u00eenc\u0103lzire, at\u00e2t pentru locuin\u021be, c\u00e2t \u0219i pentru spa\u021bii comerciale. Ne concentr\u0103m pe eficien\u021b\u0103 energetic\u0103, confort termic \u0219i tehnologii moderne, adaptate nevoilor fiec\u0103rui client. Indiferent dac\u0103 este vorba despre montaj, repara\u021bii, mentenan\u021b\u0103 sau moderniz\u0103ri ale sistemelor HVAC, ac\u021bion\u0103m prompt \u0219i profesionist. Instal Prodan \u00eenseamn\u0103 calitate, transparen\u021b\u0103 \u0219i dedicare pentru un climat perfect \u00een orice anotimp.<\/p>\n            <\/div>\n          \t            <div class=\"ab_text_item_two\">\n                <h3>De ce sa ne alegi?<\/h3>\n                <p>La Instal Prodan, ne alegi pentru c\u0103 \u00eembin\u0103m experien\u021ba cu profesionalismul, oferind servicii HVAC complete \u0219i personalizate. Echipa noastr\u0103 este format\u0103 din tehnicieni califica\u021bi, mereu la curent cu cele mai noi tehnologii din domeniu, gata s\u0103 intervin\u0103 rapid \u0219i eficient. Punem accent pe calitatea lucr\u0103rilor, folosind echipamente de top \u0219i solu\u021bii durabile, adaptate nevoilor tale. Comunic\u0103m transparent, oferim consultan\u021b\u0103 sincer\u0103 \u0219i devize corecte, astfel \u00eenc\u00e2t s\u0103 \u0219tii mereu la ce s\u0103 te a\u0219tep\u021bi. Aleg\u00e2nd Instal Prodan, alegi confort termic, siguran\u021b\u0103 \u0219i un partener de \u00eencredere pentru orice proiect HVAC.<\/p>\n            <\/div>\n          \t            <div class=\"row ab_list\">\n              \t                <div class=\"col-lg-5\">\n                   \n                <\/div>\n              \t              \t            <\/div>\n        <\/div>\n    <\/div>\n<\/section>\n<!-- end Home About -->\t\t\t\t<\/div>\n\t\t\t\t<\/div>\n\t\t\t\t\t<\/div>\n\t\t<\/div>\n\t\t\t\t\t<\/div>\n\t\t<\/section>\n\t\t\t\t<section class=\"elementor-section elementor-top-section elementor-element elementor-element-7275dc4 elementor-section-full_width elementor-section-height-default elementor-section-height-default\" data-id=\"7275dc4\" data-element_type=\"section\" data-e-type=\"section\">\n\t\t\t\t\t\t<div class=\"elementor-container elementor-column-gap-no\">\n\t\t\t\t\t<div class=\"elementor-column elementor-col-100 elementor-top-column elementor-element elementor-element-8b65416\" data-id=\"8b65416\" data-element_type=\"column\" data-e-type=\"column\">\n\t\t\t<div class=\"elementor-widget-wrap elementor-element-populated\">\n\t\t\t\t\t\t<div class=\"elementor-element elementor-element-777fa51 elementor-widget elementor-widget-ucaddon_home2motto\" data-id=\"777fa51\" data-element_type=\"widget\" data-e-type=\"widget\" data-widget_type=\"ucaddon_home2motto.default\">\n\t\t\t\t<div class=\"elementor-widget-container\">\n\t\t\t\t\t\n<!-- start Home 2 Motto -->\n\n<section class=\"our_moto_area moto_two moto_video\">\n    <div class=\"left_side\">\n    <img decoding=\"async\" src=\"\" alt=\"\">\n        <a class=\"popup-youtube\" href=\"https:\/\/www.youtube.com\/watch?v=_naXMUKyy_M\"><i class=\"play\"><\/i><\/a>\n    <\/div>\n    <div class=\"right_side\">\n    <div class=\"moto_text\">\n      <h5>Motoul nostru :  <span>Climatul perfect \u00eencepe cu noi<\/span><\/h5>\n      <p>\u201eClimatul perfect \u00eencepe cu noi\u201d nu este doar un slogan, ci o promisiune. La Instal Prodan, ne dedic\u0103m confortului t\u0103u termic prin solu\u021bii HVAC eficiente, moderne \u0219i adaptate fiec\u0103rui spa\u021biu. Fie c\u0103 este vorba de r\u0103cire, \u00eenc\u0103lzire sau ventila\u021bie, intervenim cu profesionalism \u0219i promptitudine pentru a crea ambientul ideal \u00een locuin\u021ba sau afacerea ta. Cu o echip\u0103 de speciali\u0219ti \u0219i echipamente de \u00eenalt\u0103 calitate, transform\u0103m fiecare proiect \u00eentr-un spa\u021biu unde te sim\u021bi bine, indiferent de sezon.<\/p>\n            <h4>Ai incredere in exper\u021bii nostri<\/h4>\n            <p><\/h4>\n      <p>La Instal Prodan, fiecare tehnician este preg\u0103tit s\u0103 ofere solu\u021bii personalizate, bazate pe cuno\u0219tin\u021be solide \u0219i experien\u021b\u0103 practic\u0103. Ne dedic\u0103m s\u0103 \u00een\u021belegem nevoile tale \u0219i s\u0103 intervenim cu profesionalism \u0219i responsabilitate, garant\u00e2nd rezultate durabile \u0219i un climat confortabil \u00een orice spa\u021biu. Cu noi, ai siguran\u021ba c\u0103 lucrarea este f\u0103cut\u0103 corect de prima dat\u0103, iar confortul t\u0103u este pe m\u00e2ini bune.<\/p>\n          <\/div>\n    <\/div>\n<\/section>\n\n<!-- end Home 2 Motto -->\t\t\t\t<\/div>\n\t\t\t\t<\/div>\n\t\t\t\t\t<\/div>\n\t\t<\/div>\n\t\t\t\t\t<\/div>\n\t\t<\/section>\n\t\t\t\t<section class=\"elementor-section elementor-top-section elementor-element elementor-element-026c2e7 elementor-section-boxed elementor-section-height-default elementor-section-height-default\" data-id=\"026c2e7\" data-element_type=\"section\" data-e-type=\"section\">\n\t\t\t\t\t\t<div class=\"elementor-container elementor-column-gap-default\">\n\t\t\t\t\t<div class=\"elementor-column elementor-col-100 elementor-top-column elementor-element elementor-element-b96afc1\" data-id=\"b96afc1\" data-element_type=\"column\" data-e-type=\"column\">\n\t\t\t<div class=\"elementor-widget-wrap elementor-element-populated\">\n\t\t\t\t\t\t<div class=\"elementor-element elementor-element-598adbc elementor-widget-divider--view-line elementor-widget elementor-widget-divider\" data-id=\"598adbc\" data-element_type=\"widget\" data-e-type=\"widget\" data-widget_type=\"divider.default\">\n\t\t\t\t<div class=\"elementor-widget-container\">\n\t\t\t\t\t\t\t<div class=\"elementor-divider\">\n\t\t\t<span class=\"elementor-divider-separator\">\n\t\t\t\t\t\t<\/span>\n\t\t<\/div>\n\t\t\t\t\t\t<\/div>\n\t\t\t\t<\/div>\n\t\t\t\t\t<\/div>\n\t\t<\/div>\n\t\t\t\t\t<\/div>\n\t\t<\/section>\n\t\t\t\t<\/div>\n\t\t","protected":false},"excerpt":{"rendered":"<p>Desper noi La Instal Prodan, transform\u0103m experien\u021ba \u0219i seriozitatea \u00een solu\u021bii HVAC eficiente \u0219i de \u00eencredere. Cu o echip\u0103 de speciali\u0219ti certifica\u021bi, oferim servicii complete de climatizare, ventila\u021bie \u0219i \u00eenc\u0103lzire, at\u00e2t pentru locuin\u021be, c\u00e2t \u0219i pentru spa\u021bii comerciale. Ne concentr\u0103m pe eficien\u021b\u0103 energetic\u0103, confort termic \u0219i tehnologii moderne, adaptate nevoilor fiec\u0103rui client. Indiferent dac\u0103 este [&hellip;]<\/p>\n","protected":false},"author":1,"featured_media":0,"parent":0,"menu_order":0,"comment_status":"closed","ping_status":"closed","template":"elementor_header_footer","meta":{"footnotes":""},"class_list":["post-221","page","type-page","status-publish","hentry"],"_links":{"self":[{"href":"https:\/\/hvac.instal-prodan.ro\/index.php\/wp-json\/wp\/v2\/pages\/221","targetHints":{"allow":["GET"]}}],"collection":[{"href":"https:\/\/hvac.instal-prodan.ro\/index.php\/wp-json\/wp\/v2\/pages"}],"about":[{"href":"https:\/\/hvac.instal-prodan.ro\/index.php\/wp-json\/wp\/v2\/types\/page"}],"author":[{"embeddable":true,"href":"https:\/\/hvac.instal-prodan.ro\/index.php\/wp-json\/wp\/v2\/users\/1"}],"replies":[{"embeddable":true,"href":"https:\/\/hvac.instal-prodan.ro\/index.php\/wp-json\/wp\/v2\/comments?post=221"}],"version-history":[{"count":13,"href":"https:\/\/hvac.instal-prodan.ro\/index.php\/wp-json\/wp\/v2\/pages\/221\/revisions"}],"predecessor-version":[{"id":2768,"href":"https:\/\/hvac.instal-prodan.ro\/index.php\/wp-json\/wp\/v2\/pages\/221\/revisions\/2768"}],"wp:attachment":[{"href":"https:\/\/hvac.instal-prodan.ro\/index.php\/wp-json\/wp\/v2\/media?parent=221"}],"curies":[{"name":"wp","href":"https:\/\/api.w.org\/{rel}","templated":true}]}}